{"id":1901,"date":"2025-03-19T09:06:23","date_gmt":"2025-03-19T09:06:23","guid":{"rendered":"https:\/\/garazisanmartin.es\/?post_type=tribe_events&#038;p=1901"},"modified":"2025-03-19T09:52:13","modified_gmt":"2025-03-19T09:52:13","slug":"corazon-porque-rima-con-melon-2","status":"publish","type":"tribe_events","link":"https:\/\/garazisanmartin.es\/eu\/evento\/corazon-porque-rima-con-melon-2\/","title":{"rendered":"Coraz\u00f3n Porque rima con mel\u00f3n"},"content":{"rendered":"<p>Esta puesta en escena mezcla de teatro gestual, stand-up y autoficcci\u00f3n. nos acerca a las experiencias amorosas de la\u00a0propia actriz, enfocadas desde el humor. Nos habla de las\u00a0din\u00e1micas que se dan dentro de las relaciones de pareja, el\u00a0amor rom\u00e1ntico, las relaciones poliamorosas y el ser\u00a0lesbiana en un mundo heteronormativo. Tambi\u00e9n la\u00a0importancia de las redes de amistad. Un espect\u00e1culo creado desde la experiencia personal de la\u00a0propia autora que nos viene a contar su visi\u00f3n catastr\u00f3fica\u00a0del amor. No pararemos de re\u00edr con esta actriz, cantautora,\u00a0monologuista y\/o payasa y\/o todas a la vez. Con un gran\u00a0registro y control gestual muy presente en el espect\u00e1culo. Una historia con una reflexi\u00f3n que induce a la construcci\u00f3n de relaciones m\u00e1s sanas.\u00a0Seguro que m\u00e1s de una se siente identificada y seguro que no deja indiferente a nadie.<\/p>\n","protected":false},"excerpt":{"rendered":"<p>Esta puesta en escena mezcla de teatro gestual, stand-up y autoficcci\u00f3n. nos acerca a las experiencias amorosas de la\u00a0propia actriz, enfocadas desde el humor. Nos habla de las\u00a0din\u00e1micas que se [&hellip;]<\/p>\n","protected":false},"author":1,"featured_media":0,"comment_status":"closed","ping_status":"closed","template":"","meta":{"rank_math_lock_modified_date":false,"_tribe_events_status":"","_tribe_events_status_reason":""},"tags":[],"tribe_events_cat":[],"_links":{"self":[{"href":"https:\/\/garazisanmartin.es\/eu\/wp-json\/wp\/v2\/tribe_events\/1901"}],"collection":[{"href":"https:\/\/garazisanmartin.es\/eu\/wp-json\/wp\/v2\/tribe_events"}],"about":[{"href":"https:\/\/garazisanmartin.es\/eu\/wp-json\/wp\/v2\/types\/tribe_events"}],"author":[{"embeddable":true,"href":"https:\/\/garazisanmartin.es\/eu\/wp-json\/wp\/v2\/users\/1"}],"replies":[{"embeddable":true,"href":"https:\/\/garazisanmartin.es\/eu\/wp-json\/wp\/v2\/comments?post=1901"}],"version-history":[{"count":1,"href":"https:\/\/garazisanmartin.es\/eu\/wp-json\/wp\/v2\/tribe_events\/1901\/revisions"}],"predecessor-version":[{"id":1902,"href":"https:\/\/garazisanmartin.es\/eu\/wp-json\/wp\/v2\/tribe_events\/1901\/revisions\/1902"}],"wp:attachment":[{"href":"https:\/\/garazisanmartin.es\/eu\/wp-json\/wp\/v2\/media?parent=1901"}],"wp:term":[{"taxonomy":"post_tag","embeddable":true,"href":"https:\/\/garazisanmartin.es\/eu\/wp-json\/wp\/v2\/tags?post=1901"},{"taxonomy":"tribe_events_cat","embeddable":true,"href":"https:\/\/garazisanmartin.es\/eu\/wp-json\/wp\/v2\/tribe_events_cat?post=1901"}],"curies":[{"name":"wp","href":"https:\/\/api.w.org\/{rel}","templated":true}]}}